{"id":22,"date":"2024-09-18T13:51:21","date_gmt":"2024-09-18T11:51:21","guid":{"rendered":"https:\/\/www.fundacionkambia.org\/granprixsolidario\/?page_id=22"},"modified":"2025-09-22T11:26:11","modified_gmt":"2025-09-22T09:26:11","slug":"acerca-de","status":"publish","type":"page","link":"https:\/\/www.fundacionkambia.org\/granprixsolidario\/acerca-de\/","title":{"rendered":"ALCOBENDAS"},"content":{"rendered":"\n<div class=\"wp-block-cover alignfull\" style=\"min-height:50px;aspect-ratio:unset;\"><span aria-hidden=\"true\" class=\"wp-block-cover__background has-nv-site-bg-background-color has-background-dim-100 has-background-dim\"><\/span><div class=\"wp-block-cover__inner-container is-layout-flow wp-block-cover-is-layout-flow\">\n<div style=\"height:41px\" aria-hidden=\"true\" class=\"wp-block-spacer\"><\/div>\n\n\n\n<div class=\"wp-block-group\" style=\"padding-right:var(--wp--preset--spacing--30);padding-left:var(--wp--preset--spacing--30)\"><div class=\"wp-block-group__inner-container is-layout-flow wp-block-group-is-layout-flow\">\n<h1 class=\"wp-block-heading has-text-align-left has-neve-link-color-color has-text-color\">ALCOBENDAS- 4 OCTUBRE<\/h1>\n<\/div><\/div>\n<\/div><\/div>\n\n\n\n<div class=\"wp-block-cover alignfull\" style=\"min-height:600px;aspect-ratio:unset;\"><span aria-hidden=\"true\" class=\"wp-block-cover__background has-neve-link-hover-color-background-color has-background-dim-100 has-background-dim\"><\/span><div class=\"wp-block-cover__inner-container is-layout-flow wp-block-cover-is-layout-flow\">\n<div class=\"wp-block-group\"><div class=\"wp-block-group__inner-container is-layout-flow wp-block-group-is-layout-flow\">\n<div style=\"height:34px\" aria-hidden=\"true\" class=\"wp-block-spacer\"><\/div>\n\n\n\n<div class=\"wp-block-columns are-vertically-aligned-center has-neve-text-color-color has-text-color is-layout-flex wp-container-core-columns-is-layout-1 wp-block-columns-is-layout-flex\">\n<div class=\"wp-block-column is-vertically-aligned-center is-layout-flow wp-block-column-is-layout-flow\" style=\"padding-right:var(--wp--preset--spacing--30);padding-left:var(--wp--preset--spacing--30);flex-basis:40%\">\n<figure class=\"wp-block-image size-full is-resized has-custom-border is-style-rounded\"><img loading=\"lazy\" decoding=\"async\" width=\"414\" height=\"414\" src=\"https:\/\/www.fundacionkambia.org\/granprixsolidario\/wp-content\/uploads\/2024\/09\/logo_circular.png\" alt=\"\" class=\"wp-image-178\" style=\"border-style:none;border-width:0px;border-radius:100px;width:405px;height:auto\" srcset=\"https:\/\/www.fundacionkambia.org\/granprixsolidario\/wp-content\/uploads\/2024\/09\/logo_circular.png 414w, https:\/\/www.fundacionkambia.org\/granprixsolidario\/wp-content\/uploads\/2024\/09\/logo_circular-300x300.png 300w, https:\/\/www.fundacionkambia.org\/granprixsolidario\/wp-content\/uploads\/2024\/09\/logo_circular-150x150.png 150w\" sizes=\"(max-width: 414px) 100vw, 414px\" \/><\/figure>\n<\/div>\n\n\n\n<div class=\"wp-block-column is-vertically-aligned-center is-layout-flow wp-block-column-is-layout-flow\" style=\"padding-top:0;padding-right:var(--wp--preset--spacing--30);padding-bottom:0;padding-left:var(--wp--preset--spacing--30);flex-basis:50%\">\n<h2 class=\"wp-block-heading has-nv-site-bg-color has-text-color\">GRAN PRIX SOLIDARIO<\/h2>\n\n\n\n<p class=\"has-nv-site-bg-color has-text-color has-link-color wp-elements-e82f1eea4e9ceab18fadeff10f500bbe\" style=\"font-size:18px\">El GRAN PRIX SOLIDARIO es un evento solidario planteado como un d\u00eda familiar en el que pueden participar personas de todas las edades. Para ello, vamos a convertir este d\u00eda en una aut\u00e9ntica fiesta con atracciones, pruebas, talleres, bar, m\u00fasica, sorteos y muchas cosas m\u00e1s.<\/p>\n\n\n\n<p class=\"has-nv-site-bg-color has-text-color has-link-color wp-elements-bd9a2d04a16c6ef766afbed7afda01f9\" style=\"font-size:27px\"><strong>\u00a1Un planazo para toda la familia!<\/strong><\/p>\n<\/div>\n<\/div>\n\n\n\n<div style=\"height:17px\" aria-hidden=\"true\" class=\"wp-block-spacer\"><\/div>\n<\/div><\/div>\n<\/div><\/div>\n\n\n\n<div class=\"wp-block-cover alignfull\" style=\"min-height:99px;aspect-ratio:unset;\"><span aria-hidden=\"true\" class=\"wp-block-cover__background has-neve-link-color-background-color has-background-dim-100 has-background-dim\"><\/span><div class=\"wp-block-cover__inner-container is-layout-flow wp-block-cover-is-layout-flow\">\n<div style=\"height:30px\" aria-hidden=\"true\" class=\"wp-block-spacer\"><\/div>\n\n\n\n<div class=\"wp-block-columns is-layout-flex wp-container-core-columns-is-layout-2 wp-block-columns-is-layout-flex\">\n<div class=\"wp-block-column is-layout-flow wp-block-column-is-layout-flow\" style=\"padding-right:0;padding-left:0\">\n<h3 class=\"wp-block-heading\">S\u00c1BADO <br>4 DE OCTUBRE<\/h3>\n<\/div>\n\n\n\n<div class=\"wp-block-column is-layout-flow wp-block-column-is-layout-flow\">\n<h3 class=\"wp-block-heading\">HORARIO:<br>11-15H.<\/h3>\n<\/div>\n\n\n\n<div class=\"wp-block-column is-layout-flow wp-block-column-is-layout-flow\">\n<h3 class=\"wp-block-heading\">IRLANDESAS EL SOTO<br>CALE BEGONIA 275<\/h3>\n<\/div>\n<\/div>\n<\/div><\/div>\n\n\n\n<div class=\"wp-block-cover alignfull\" style=\"min-height:420px;aspect-ratio:unset;\"><span aria-hidden=\"true\" class=\"wp-block-cover__background has-nv-site-bg-background-color has-background-dim-100 has-background-dim\"><\/span><div class=\"wp-block-cover__inner-container is-layout-flow wp-block-cover-is-layout-flow\">\n<div style=\"height:0px\" aria-hidden=\"true\" class=\"wp-block-spacer\"><\/div>\n\n\n\n<div class=\"wp-block-columns is-layout-flex wp-container-core-columns-is-layout-3 wp-block-columns-is-layout-flex\">\n<div class=\"wp-block-column ticss-4ce656f1 is-layout-flow wp-block-column-is-layout-flow\" style=\"padding-right:var(--wp--preset--spacing--30);padding-left:var(--wp--preset--spacing--30)\">\n<figure class=\"wp-block-image size-full icon-style is-style-default\"><a href=\"https:\/\/racetime.es\/evento\/gran-prix-solidario-kambia-alcobendas\"><img loading=\"lazy\" decoding=\"async\" width=\"350\" height=\"400\" src=\"https:\/\/www.fundacionkambia.org\/granprixsolidario\/wp-content\/uploads\/2024\/09\/ENTRADAS.png\" alt=\"\" class=\"wp-image-182\" srcset=\"https:\/\/www.fundacionkambia.org\/granprixsolidario\/wp-content\/uploads\/2024\/09\/ENTRADAS.png 350w, https:\/\/www.fundacionkambia.org\/granprixsolidario\/wp-content\/uploads\/2024\/09\/ENTRADAS-263x300.png 263w\" sizes=\"(max-width: 350px) 100vw, 350px\" \/><\/a><\/figure>\n\n\n\n<div style=\"height:24px\" aria-hidden=\"true\" class=\"wp-block-spacer\"><\/div>\n\n\n\n<div style=\"height:20px\" aria-hidden=\"true\" class=\"wp-block-spacer\"><\/div>\n<\/div>\n\n\n\n<div class=\"wp-block-column ticss-f6fc7494 is-layout-flow wp-block-column-is-layout-flow\" style=\"padding-right:var(--wp--preset--spacing--30);padding-left:var(--wp--preset--spacing--30)\">\n<figure class=\"wp-block-image size-full icon-style is-style-default\"><a href=\"https:\/\/www.fundacionkambia.org\/granprixsolidario\/wp-content\/uploads\/2025\/09\/NORMATIVA_alcobendas.pdf\"><img loading=\"lazy\" decoding=\"async\" width=\"350\" height=\"400\" src=\"https:\/\/www.fundacionkambia.org\/granprixsolidario\/wp-content\/uploads\/2024\/09\/NORMAS.png\" alt=\"\" class=\"wp-image-183\" srcset=\"https:\/\/www.fundacionkambia.org\/granprixsolidario\/wp-content\/uploads\/2024\/09\/NORMAS.png 350w, https:\/\/www.fundacionkambia.org\/granprixsolidario\/wp-content\/uploads\/2024\/09\/NORMAS-263x300.png 263w\" sizes=\"(max-width: 350px) 100vw, 350px\" \/><\/a><\/figure>\n\n\n\n<div style=\"height:24px\" aria-hidden=\"true\" class=\"wp-block-spacer\"><\/div>\n\n\n\n<div style=\"height:20px\" aria-hidden=\"true\" class=\"wp-block-spacer\"><\/div>\n<\/div>\n\n\n\n<div class=\"wp-block-column ticss-a5b4df29 is-layout-flow wp-block-column-is-layout-flow\" style=\"padding-right:var(--wp--preset--spacing--30);padding-left:var(--wp--preset--spacing--30)\">\n<figure class=\"wp-block-image size-full icon-style is-style-default\"><a href=\"https:\/\/www.fundacionkambia.org\/granprixsolidario\/contact\/\"><img loading=\"lazy\" decoding=\"async\" width=\"350\" height=\"400\" src=\"https:\/\/www.fundacionkambia.org\/granprixsolidario\/wp-content\/uploads\/2024\/09\/DUDAS.png\" alt=\"\" class=\"wp-image-184\" srcset=\"https:\/\/www.fundacionkambia.org\/granprixsolidario\/wp-content\/uploads\/2024\/09\/DUDAS.png 350w, https:\/\/www.fundacionkambia.org\/granprixsolidario\/wp-content\/uploads\/2024\/09\/DUDAS-263x300.png 263w\" sizes=\"(max-width: 350px) 100vw, 350px\" \/><\/a><\/figure>\n\n\n\n<div style=\"height:24px\" aria-hidden=\"true\" class=\"wp-block-spacer\"><\/div>\n\n\n\n<div style=\"height:20px\" aria-hidden=\"true\" class=\"wp-block-spacer\"><\/div>\n<\/div>\n<\/div>\n\n\n\n<div style=\"height:0px\" aria-hidden=\"true\" class=\"wp-block-spacer\"><\/div>\n<\/div><\/div>\n\n\n\n<div class=\"wp-block-cover alignfull\" style=\"min-height:600px;aspect-ratio:unset;\"><span aria-hidden=\"true\" class=\"wp-block-cover__background has-nv-light-bg-background-color has-background-dim-100 has-background-dim\"><\/span><div class=\"wp-block-cover__inner-container is-layout-flow wp-block-cover-is-layout-flow\">\n<div class=\"wp-block-group\"><div class=\"wp-block-group__inner-container is-layout-flow wp-block-group-is-layout-flow\">\n<div class=\"wp-block-columns is-layout-flex wp-container-core-columns-is-layout-4 wp-block-columns-is-layout-flex\">\n<div class=\"wp-block-column is-layout-flow wp-block-column-is-layout-flow\"><\/div>\n\n\n\n<div class=\"wp-block-column is-layout-flow wp-block-column-is-layout-flow\"><\/div>\n<\/div>\n\n\n\n<div class=\"wp-block-cover alignfull\" style=\"min-height:600px;aspect-ratio:unset;\"><span aria-hidden=\"true\" class=\"wp-block-cover__background has-nv-site-bg-background-color has-background-dim-100 has-background-dim\"><\/span><div class=\"wp-block-cover__inner-container is-layout-flow wp-block-cover-is-layout-flow\">\n<div class=\"wp-block-group\"><div class=\"wp-block-group__inner-container is-layout-flow wp-block-group-is-layout-flow\">\n<div style=\"height:80px\" aria-hidden=\"true\" class=\"wp-block-spacer\"><\/div>\n\n\n\n<div class=\"wp-block-columns are-vertically-aligned-center is-layout-flex wp-container-core-columns-is-layout-5 wp-block-columns-is-layout-flex\">\n<div class=\"wp-block-column is-vertically-aligned-center is-layout-flow wp-block-column-is-layout-flow\" style=\"padding-right:var(--wp--preset--spacing--30);padding-left:var(--wp--preset--spacing--30);flex-basis:50%\">\n<figure class=\"wp-block-image size-full has-custom-border is-style-default\"><img loading=\"lazy\" decoding=\"async\" width=\"600\" height=\"600\" src=\"https:\/\/www.fundacionkambia.org\/granprixsolidario\/wp-content\/uploads\/2024\/09\/circulos.png\" alt=\"\" class=\"wp-image-122\" style=\"border-radius:16px\" srcset=\"https:\/\/www.fundacionkambia.org\/granprixsolidario\/wp-content\/uploads\/2024\/09\/circulos.png 600w, https:\/\/www.fundacionkambia.org\/granprixsolidario\/wp-content\/uploads\/2024\/09\/circulos-300x300.png 300w, https:\/\/www.fundacionkambia.org\/granprixsolidario\/wp-content\/uploads\/2024\/09\/circulos-150x150.png 150w\" sizes=\"(max-width: 600px) 100vw, 600px\" \/><\/figure>\n<\/div>\n\n\n\n<div class=\"wp-block-column is-vertically-aligned-center is-layout-flow wp-block-column-is-layout-flow\" style=\"padding-right:var(--wp--preset--spacing--30);padding-left:var(--wp--preset--spacing--30);flex-basis:50%\">\n<div style=\"height:20px\" aria-hidden=\"true\" class=\"wp-block-spacer\"><\/div>\n\n\n\n<h2 class=\"wp-block-heading has-text-align-left has-neve-link-color-color has-text-color\">Patrocina el Gran Prix Solidario<\/h2>\n\n\n\n<p class=\"has-text-align-left has-nv-dark-bg-color has-text-color has-link-color wp-elements-db1f9486807c46f2dd448daa1486acfa\" style=\"font-size:17px\">Como empresa o particular puedes colaborar de diversas maneras: haciendo un donativo, donando en especie u organizando un voluntariado corporativo. Descarga el <a href=\"https:\/\/www.fundacionkambia.org\/granprixsolidario\/wp-content\/uploads\/2025\/09\/dosier_GPS_alcobendas.pdf\"><strong>dosier de patrocinio aqu\u00ed<\/strong>.<\/a><\/p>\n\n\n\n<p class=\"has-text-align-left has-neve-text-color-color has-text-color\" style=\"font-size:17px\">Hay muchas maneras de colaborar, contacta con nosotras y te orientamos. <\/p>\n\n\n\n<div class=\"wp-block-buttons has-custom-font-size has-small-font-size is-content-justification-left is-layout-flex wp-container-core-buttons-is-layout-1 wp-block-buttons-is-layout-flex\">\n<div class=\"wp-block-button has-custom-font-size is-style-default\" style=\"font-size:16px\"><a class=\"wp-block-button__link has-nv-text-dark-bg-color has-neve-link-color-background-color has-text-color has-background has-link-color wp-element-button\" href=\"mailto:eventos@fundacionkambia.org\">Quiero patrocinar<\/a><\/div>\n<\/div>\n<\/div>\n<\/div>\n\n\n\n<div class=\"wp-block-columns are-vertically-aligned-center is-layout-flex wp-container-core-columns-is-layout-6 wp-block-columns-is-layout-flex\">\n<div class=\"wp-block-column is-vertically-aligned-center is-layout-flow wp-block-column-is-layout-flow\" style=\"padding-right:var(--wp--preset--spacing--30);padding-left:var(--wp--preset--spacing--30);flex-basis:50%\">\n<div style=\"height:0px\" aria-hidden=\"true\" class=\"wp-block-spacer\"><\/div>\n<\/div>\n\n\n\n<div class=\"wp-block-column is-vertically-aligned-center is-layout-flow wp-block-column-is-layout-flow\" style=\"padding-right:var(--wp--preset--spacing--30);padding-left:var(--wp--preset--spacing--30);flex-basis:50%\"><\/div>\n<\/div>\n\n\n\n<div style=\"height:40px\" aria-hidden=\"true\" class=\"wp-block-spacer\"><\/div>\n<\/div><\/div>\n<\/div><\/div>\n\n\n\n<div class=\"wp-block-cover alignfull\" style=\"min-height:300px;aspect-ratio:unset;\"><span aria-hidden=\"true\" class=\"wp-block-cover__background has-neve-link-color-background-color has-background-dim-100 has-background-dim\"><\/span><div class=\"wp-block-cover__inner-container is-layout-flow wp-block-cover-is-layout-flow\">\n<div style=\"height:56px\" aria-hidden=\"true\" class=\"wp-block-spacer\"><\/div>\n\n\n\n<div class=\"wp-block-columns is-layout-flex wp-container-core-columns-is-layout-7 wp-block-columns-is-layout-flex\">\n<div class=\"wp-block-column is-layout-flow wp-block-column-is-layout-flow\" style=\"flex-basis:20%\"><\/div>\n\n\n\n<div class=\"wp-block-column is-layout-flow wp-block-column-is-layout-flow\" style=\"flex-basis:85%\">\n<div class=\"wp-block-group\"><div class=\"wp-block-group__inner-container is-layout-constrained wp-block-group-is-layout-constrained\">\n<h2 class=\"wp-block-heading has-text-align-center has-nv-text-dark-bg-color has-text-color\" style=\"font-size:36px\">Los beneficios del Gran Prix Solidario ir\u00e1n destinados a construir \u00abUna escuela para Aweil\u00bb en Sud\u00e1n del Sur<\/h2>\n\n\n\n<div class=\"wp-block-buttons is-horizontal is-content-justification-center is-layout-flex wp-container-core-buttons-is-layout-2 wp-block-buttons-is-layout-flex\">\n<div class=\"wp-block-button is-style-primary\"><a class=\"wp-block-button__link has-neve-link-color-color has-text-color has-background has-link-color wp-element-button\" href=\"https:\/\/racetime.es\/evento\/gran-prix-solidario-kambia-alcobendas\" style=\"background-color:#ffffff\">PARTICIPA<\/a><\/div>\n<\/div>\n<\/div><\/div>\n<\/div>\n\n\n\n<div class=\"wp-block-column is-layout-flow wp-block-column-is-layout-flow\" style=\"flex-basis:20%\"><\/div>\n<\/div>\n\n\n\n<div style=\"height:140px\" aria-hidden=\"true\" class=\"wp-block-spacer\"><\/div>\n<\/div><\/div>\n<\/div><\/div>\n<\/div><\/div>\n","protected":false},"excerpt":{"rendered":"","protected":false},"author":1,"featured_media":0,"parent":0,"menu_order":0,"comment_status":"closed","ping_status":"closed","template":"","meta":{"neve_meta_sidebar":"","neve_meta_container":"","neve_meta_enable_content_width":"on","neve_meta_content_width":100,"neve_meta_title_alignment":"","neve_meta_author_avatar":"","neve_post_elements_order":"","neve_meta_disable_header":"","neve_meta_disable_footer":"","neve_meta_disable_title":"on","footnotes":""},"class_list":["post-22","page","type-page","status-publish","hentry"],"_links":{"self":[{"href":"https:\/\/www.fundacionkambia.org\/granprixsolidario\/wp-json\/wp\/v2\/pages\/22"}],"collection":[{"href":"https:\/\/www.fundacionkambia.org\/granprixsolidario\/wp-json\/wp\/v2\/pages"}],"about":[{"href":"https:\/\/www.fundacionkambia.org\/granprixsolidario\/wp-json\/wp\/v2\/types\/page"}],"author":[{"embeddable":true,"href":"https:\/\/www.fundacionkambia.org\/granprixsolidario\/wp-json\/wp\/v2\/users\/1"}],"replies":[{"embeddable":true,"href":"https:\/\/www.fundacionkambia.org\/granprixsolidario\/wp-json\/wp\/v2\/comments?post=22"}],"version-history":[{"count":29,"href":"https:\/\/www.fundacionkambia.org\/granprixsolidario\/wp-json\/wp\/v2\/pages\/22\/revisions"}],"predecessor-version":[{"id":292,"href":"https:\/\/www.fundacionkambia.org\/granprixsolidario\/wp-json\/wp\/v2\/pages\/22\/revisions\/292"}],"wp:attachment":[{"href":"https:\/\/www.fundacionkambia.org\/granprixsolidario\/wp-json\/wp\/v2\/media?parent=22"}],"curies":[{"name":"wp","href":"https:\/\/api.w.org\/{rel}","templated":true}]}}