{"id":27,"date":"2025-07-31T12:54:31","date_gmt":"2025-07-31T10:54:31","guid":{"rendered":"https:\/\/www.fundacionkambia.org\/kambiaelmundo\/?page_id=27"},"modified":"2025-10-22T09:23:46","modified_gmt":"2025-10-22T07:23:46","slug":"1-tutoria","status":"publish","type":"page","link":"https:\/\/www.fundacionkambia.org\/kambiaelmundo\/1-tutoria\/","title":{"rendered":"1\u00aa Tutor\u00eda"},"content":{"rendered":"\t\t<div data-elementor-type=\"wp-page\" data-elementor-id=\"27\" class=\"elementor elementor-27\">\n\t\t\t\t<div class=\"elementor-element elementor-element-17a2d399 e-flex e-con-boxed e-con e-parent\" data-id=\"17a2d399\" data-element_type=\"container\">\n\t\t\t\t\t<div class=\"e-con-inner\">\n\t\t\t\t<div class=\"elementor-element elementor-element-3bd06af0 elementor-widget elementor-widget-text-editor\" data-id=\"3bd06af0\" data-element_type=\"widget\" data-widget_type=\"text-editor.default\">\n\t\t\t\t\t\t\t\t\t<p>Ya sabemos que <strong>el derecho a la educaci\u00f3n es un derecho humano fundamental<\/strong>, reconocido internacionalmente y esencial para el desarrollo de cada ni\u00f1o y ni\u00f1a, as\u00ed como para el progreso de la sociedad en su conjunto.<\/p><p>Pero millones de ni\u00f1os y ni\u00f1as en todo el mundo, especialmente en regiones afectadas por conflictos, pobreza extrema, desastres naturales o con sistemas educativos d\u00e9biles, <strong>no pueden asistir a la escuela o recibir una educaci\u00f3n de calidad.<\/strong> Esto no solo obstaculiza su potencial individual, <strong>limitando sus oportunidades futuras de empleo y bienestar<\/strong>, sino que tambi\u00e9n perpet\u00faa ciclos de pobreza y desigualdad, <strong>afectando el desarrollo sostenible de sus comunidades y pa\u00edses.<\/strong><\/p><p>Como claustro, es crucial que reconozcamos <strong>la importancia de nuestra labor en la defensa y promoci\u00f3n de este derecho.<\/strong> Aunque nuestro contexto inmediato pueda parecer distante de las realidades m\u00e1s adversas, <strong>nuestro compromiso con una educaci\u00f3n inclusiva, equitativa y de calidad<\/strong> para todo nuestro alumnado es una extensi\u00f3n directa de este principio universal para <strong>cada ni\u00f1o y ni\u00f1a, sin importar su origen o circunstancias.<\/strong><\/p><p><!-- \/wp:heading --><\/p>\t\t\t\t\t\t\t\t<\/div>\n\t\t\t\t<div class=\"elementor-element elementor-element-12c57ec elementor-widget elementor-widget-spacer\" data-id=\"12c57ec\" data-element_type=\"widget\" data-widget_type=\"spacer.default\">\n\t\t\t\t\t\t\t<div class=\"elementor-spacer\">\n\t\t\t<div class=\"elementor-spacer-inner\"><\/div>\n\t\t<\/div>\n\t\t\t\t\t\t<\/div>\n\t\t\t\t\t<\/div>\n\t\t\t\t<\/div>\n\t\t<div class=\"elementor-element elementor-element-81acd8b e-flex e-con-boxed e-con e-parent\" data-id=\"81acd8b\" data-element_type=\"container\" data-settings=\"{&quot;background_background&quot;:&quot;classic&quot;}\">\n\t\t\t\t\t<div class=\"e-con-inner\">\n\t\t<div class=\"elementor-element elementor-element-ffe4bda e-con-full e-flex e-con e-child\" data-id=\"ffe4bda\" data-element_type=\"container\">\n\t\t\t\t<div class=\"elementor-element elementor-element-25fad60 elementor-widget elementor-widget-text-editor\" data-id=\"25fad60\" data-element_type=\"widget\" data-widget_type=\"text-editor.default\">\n\t\t\t\t\t\t\t\t\t<p>Aweil est\u00e1 situada al noroeste de Sud\u00e1n del Sur. D\u00e9cadas de conflictos han sumido a la poblaci\u00f3n en una situaci\u00f3n de pobreza extrema. Se estima que m\u00e1s del 90% de la poblaci\u00f3n vive bajo el umbral de la pobreza.<\/p>\t\t\t\t\t\t\t\t<\/div>\n\t\t\t\t<\/div>\n\t\t\t\t<div class=\"elementor-element elementor-element-3b49dc0 elementor-align-left elementor-widget elementor-widget-button\" data-id=\"3b49dc0\" data-element_type=\"widget\" data-widget_type=\"button.default\">\n\t\t\t\t\t\t\t\t\t\t<a class=\"elementor-button elementor-button-link elementor-size-sm\" href=\"https:\/\/www.fundacionkambia.org\/kambiaelmundo\/aweil\">\n\t\t\t\t\t\t<span class=\"elementor-button-content-wrapper\">\n\t\t\t\t\t\t\t\t\t<span class=\"elementor-button-text\">Conoce m\u00e1s sobre la educaci\u00f3n en Aweil<\/span>\n\t\t\t\t\t<\/span>\n\t\t\t\t\t<\/a>\n\t\t\t\t\t\t\t\t<\/div>\n\t\t\t\t\t<\/div>\n\t\t\t\t<\/div>\n\t\t<div class=\"elementor-element elementor-element-4a6090a e-flex e-con-boxed e-con e-parent\" data-id=\"4a6090a\" data-element_type=\"container\">\n\t\t\t\t\t<div class=\"e-con-inner\">\n\t\t\t\t<div class=\"elementor-element elementor-element-bc09251 elementor-widget elementor-widget-spacer\" data-id=\"bc09251\" data-element_type=\"widget\" data-widget_type=\"spacer.default\">\n\t\t\t\t\t\t\t<div class=\"elementor-spacer\">\n\t\t\t<div class=\"elementor-spacer-inner\"><\/div>\n\t\t<\/div>\n\t\t\t\t\t\t<\/div>\n\t\t\t\t<div class=\"elementor-element elementor-element-46f240c elementor-widget elementor-widget-heading\" data-id=\"46f240c\" data-element_type=\"widget\" data-widget_type=\"heading.default\">\n\t\t\t\t\t<h3 class=\"elementor-heading-title elementor-size-default\">- PRIMERA TUTOR\u00cdA -<\/h3>\t\t\t\t<\/div>\n\t\t\t\t\t<\/div>\n\t\t\t\t<\/div>\n\t\t<div class=\"elementor-element elementor-element-4584c29 e-con-full e-flex e-con e-parent\" data-id=\"4584c29\" data-element_type=\"container\">\n\t\t<div class=\"elementor-element elementor-element-4ac8dad e-con-full e-flex e-con e-child\" data-id=\"4ac8dad\" data-element_type=\"container\">\n\t\t\t\t<div class=\"elementor-element elementor-element-b263c48 elementor-widget elementor-widget-image\" data-id=\"b263c48\" data-element_type=\"widget\" data-widget_type=\"image.default\">\n\t\t\t\t\t\t\t\t\t\t\t\t\t\t\t\t<a href=\"https:\/\/www.fundacionkambia.org\/kambiaelmundo\/primtutoriainfantil\">\n\t\t\t\t\t\t\t<img fetchpriority=\"high\" decoding=\"async\" width=\"555\" height=\"503\" src=\"https:\/\/www.fundacionkambia.org\/kambiaelmundo\/wp-content\/uploads\/2025\/10\/1TUTORIA_INF.jpg\" class=\"attachment-large size-large wp-image-129\" alt=\"\" srcset=\"https:\/\/www.fundacionkambia.org\/kambiaelmundo\/wp-content\/uploads\/2025\/10\/1TUTORIA_INF.jpg 555w, https:\/\/www.fundacionkambia.org\/kambiaelmundo\/wp-content\/uploads\/2025\/10\/1TUTORIA_INF-300x272.jpg 300w\" sizes=\"(max-width: 555px) 100vw, 555px\" \/>\t\t\t\t\t\t\t\t<\/a>\n\t\t\t\t\t\t\t\t\t\t\t\t\t\t\t<\/div>\n\t\t\t\t<\/div>\n\t\t<div class=\"elementor-element elementor-element-40f067d e-con-full e-flex e-con e-child\" data-id=\"40f067d\" data-element_type=\"container\">\n\t\t\t\t<div class=\"elementor-element elementor-element-c891b52 elementor-widget elementor-widget-image\" data-id=\"c891b52\" data-element_type=\"widget\" data-widget_type=\"image.default\">\n\t\t\t\t\t\t\t\t\t\t\t\t\t\t\t\t<a href=\"https:\/\/www.fundacionkambia.org\/kambiaelmundo\/primtutoriaprimaria\">\n\t\t\t\t\t\t\t<img decoding=\"async\" width=\"555\" height=\"503\" src=\"https:\/\/www.fundacionkambia.org\/kambiaelmundo\/wp-content\/uploads\/2025\/10\/1TUTORIA_PRIM.jpg\" class=\"attachment-large size-large wp-image-127\" alt=\"\" srcset=\"https:\/\/www.fundacionkambia.org\/kambiaelmundo\/wp-content\/uploads\/2025\/10\/1TUTORIA_PRIM.jpg 555w, https:\/\/www.fundacionkambia.org\/kambiaelmundo\/wp-content\/uploads\/2025\/10\/1TUTORIA_PRIM-300x272.jpg 300w\" sizes=\"(max-width: 555px) 100vw, 555px\" \/>\t\t\t\t\t\t\t\t<\/a>\n\t\t\t\t\t\t\t\t\t\t\t\t\t\t\t<\/div>\n\t\t\t\t<\/div>\n\t\t<div class=\"elementor-element elementor-element-0dddf05 e-con-full e-flex e-con e-child\" data-id=\"0dddf05\" data-element_type=\"container\">\n\t\t\t\t<div class=\"elementor-element elementor-element-9d975ef elementor-widget elementor-widget-image\" data-id=\"9d975ef\" data-element_type=\"widget\" data-widget_type=\"image.default\">\n\t\t\t\t\t\t\t\t\t\t\t\t\t\t\t\t<a href=\"https:\/\/www.fundacionkambia.org\/kambiaelmundo\/primtutoriasec\">\n\t\t\t\t\t\t\t<img decoding=\"async\" width=\"555\" height=\"503\" src=\"https:\/\/www.fundacionkambia.org\/kambiaelmundo\/wp-content\/uploads\/2025\/10\/1TUTORIA_SEC.jpg\" class=\"attachment-large size-large wp-image-128\" alt=\"\" srcset=\"https:\/\/www.fundacionkambia.org\/kambiaelmundo\/wp-content\/uploads\/2025\/10\/1TUTORIA_SEC.jpg 555w, https:\/\/www.fundacionkambia.org\/kambiaelmundo\/wp-content\/uploads\/2025\/10\/1TUTORIA_SEC-300x272.jpg 300w\" sizes=\"(max-width: 555px) 100vw, 555px\" \/>\t\t\t\t\t\t\t\t<\/a>\n\t\t\t\t\t\t\t\t\t\t\t\t\t\t\t<\/div>\n\t\t\t\t<\/div>\n\t\t\t\t<\/div>\n\t\t\t\t<\/div>\n\t\t","protected":false},"excerpt":{"rendered":"<p>Ya sabemos que el derecho a la educaci\u00f3n es un derecho humano fundamental, reconocido internacionalmente y esencial para el desarrollo de cada ni\u00f1o y ni\u00f1a, as\u00ed como para el progreso &#8230;<\/p>\n","protected":false},"author":1,"featured_media":0,"parent":0,"menu_order":0,"comment_status":"closed","ping_status":"closed","template":"","meta":{"footnotes":""},"class_list":["post-27","page","type-page","status-publish","hentry"],"_links":{"self":[{"href":"https:\/\/www.fundacionkambia.org\/kambiaelmundo\/wp-json\/wp\/v2\/pages\/27","targetHints":{"allow":["GET"]}}],"collection":[{"href":"https:\/\/www.fundacionkambia.org\/kambiaelmundo\/wp-json\/wp\/v2\/pages"}],"about":[{"href":"https:\/\/www.fundacionkambia.org\/kambiaelmundo\/wp-json\/wp\/v2\/types\/page"}],"author":[{"embeddable":true,"href":"https:\/\/www.fundacionkambia.org\/kambiaelmundo\/wp-json\/wp\/v2\/users\/1"}],"replies":[{"embeddable":true,"href":"https:\/\/www.fundacionkambia.org\/kambiaelmundo\/wp-json\/wp\/v2\/comments?post=27"}],"version-history":[{"count":29,"href":"https:\/\/www.fundacionkambia.org\/kambiaelmundo\/wp-json\/wp\/v2\/pages\/27\/revisions"}],"predecessor-version":[{"id":228,"href":"https:\/\/www.fundacionkambia.org\/kambiaelmundo\/wp-json\/wp\/v2\/pages\/27\/revisions\/228"}],"wp:attachment":[{"href":"https:\/\/www.fundacionkambia.org\/kambiaelmundo\/wp-json\/wp\/v2\/media?parent=27"}],"curies":[{"name":"wp","href":"https:\/\/api.w.org\/{rel}","templated":true}]}}